{"id":20,"date":"2015-11-19T11:23:06","date_gmt":"2015-11-19T10:23:06","guid":{"rendered":"http:\/\/internationales-kinderhaus.de\/ika-wp\/?page_id=20"},"modified":"2025-05-20T08:59:43","modified_gmt":"2025-05-20T06:59:43","slug":"impressum","status":"publish","type":"page","link":"https:\/\/internationales-kinderhaus.de\/ika-2024\/impressum\/","title":{"rendered":"Impressum\/Datenschutz"},"content":{"rendered":"<p class=\"Stil1\"><b>Elterninitiative\u00a0Internationales Kinderhaus Augsburg e.V.<\/b><br \/>\nSch\u00e4fflerbachstra\u00dfe 28<br \/>\n86153 Augsburg<br \/>\nfon: 0821-65054808<br \/>\nfax: 0821-65054809<br \/>\nemail: <a href=\"mailto:info@internationales-kinderhaus.de\">info@internationales-kinderhaus.de<\/a><\/p>\n<p class=\"Stil1\">Vereinsregister Augsburg VR 2742<\/p>\n<p><b>Vorstand des Tr\u00e4gervereins:<br \/>\n<\/b>Elke Scharrer (Vorsitzende\/Chair)<br \/>\nSimon Bruckert (Finanzen)<br \/>\nMonika Aum\u00fcller (Personal)<br \/>\nAnja Joerg (Personal)<br \/>\nMichael Jung (Instandhaltung)<br \/>\nAnna Taworntarn (Elternarbeit)<br \/>\nFerzana Usman (Spenden)<\/p>\n<p class=\"Stil1\"><b>Leitung der Kindertagesst\u00e4tte<\/b><br \/>\nP\u00e4dagogische Leitung: Bernadette B\u00f6nisch \/ Vivian Schuck<br \/>\nGesch\u00e4ftsleitung: Martina Devine<\/p>\n<p class=\"Stil1\"><b>Verantwortlich f\u00fcr den Inhalt:<\/b><br \/>\nMartina Devine<\/p>\n<p class=\"Stil1\"><strong>Website\/Administration:<\/strong><br \/>\nSarah Hueber<\/p>\n<p><strong>Datenschutzerkl\u00e4rung<br \/>\n<\/strong><\/p>\n<p>Wir freuen uns \u00fcber Ihren Besuch auf unserer Website und Ihr Interesse an unseren Angeboten. F\u00fcr externe Links zu fremden Inhalten \u00fcbernehmen wir trotz sorgf\u00e4ltiger inhaltlicher Kontrolle keine Haftung, da wir die \u00dcbermittlung dieser Information nicht veranlasst, den Adressaten der \u00fcbermittelten Information und die \u00fcbermittelten Informationen selbst nicht ausgew\u00e4hlt oder ver\u00e4ndert haben. Der Schutz Ihrer personenbezogenen Daten bei der Erhebung, Verarbeitung und Nutzung anl\u00e4sslich Ihres Besuchs auf unseren Internetseiten ist uns ein wichtiges Anliegen und erfolgt im Rahmen der gesetzlichen Vorschriften.<\/p>\n<p>Im Folgenden erl\u00e4utern wir Ihnen, welche Informationen wir w\u00e4hrend Ihres Besuchs auf unseren Webseiten erfassen und wie diese genutzt werden:<\/p>\n<p><strong>1. Erhebung und Speicherung personenbezogener Daten sowie Art und Zweck von deren Verwendung<\/strong><\/p>\n<p><em>Beim Besuch der Webseite<\/em><br \/>\nBei jedem Zugriff auf unserer Webseite werden durch den auf Ihrem Endger\u00e4t (Computer, Laptop, Tablet, Smartphone, etc.) zum Einsatz kommenden Internet-Browser automatisch Informationen an den Server unserer Webseite gesendet. Diese Informationen werden tempor\u00e4r in einem sog. Logfile (Protokolldatei) gespeichert. Folgende Daten werden dabei ohne Ihr Zutun erfasst und bis zur automatisierten L\u00f6schung gespeichert:<\/p>\n<ul>\n<li>IP-Adresse des anfragenden Rechners, sowie Ger\u00e4te-ID oder individuelle Ger\u00e4te-Kennung und Ger\u00e4tetyp,<\/li>\n<li>Name der abgerufenen Datei und \u00fcbertragene Datenmenge, sowie Datum und Uhrzeit des Abrufs,<\/li>\n<li>Meldung \u00fcber erfolgreichen Abruf,<\/li>\n<li>anfragende Domain,<\/li>\n<li>Beschreibung des Typs des verwendeten Internet-Browsers und ggf. des Betriebssystems Ihres Endger\u00e4ts sowie der Name Ihres Access-Providers,<\/li>\n<li>Ihre Browser-Verlaufsdaten sowie Ihre standardm\u00e4\u00dfigen Weblog-Informationen,<\/li>\n<li>Standortdaten, einschlie\u00dflich Standortdaten von Ihrem Mobilger\u00e4t. Bitte beachten Sie, dass Sie bei den meisten Mobilger\u00e4ten die Verwendung von Standortservices im Einstellungsmen\u00fc des Mobilger\u00e4ts steuern oder deaktivieren k\u00f6nnen.<\/li>\n<\/ul>\n<p>Unser berechtigtes Interesse gem. Art.\u00a06 Abs.\u00a01 S.\u00a01 lit.\u00a0f DSGVO zur Erhebung der Daten beruht auf den folgenden Zwecken: Gew\u00e4hrleistung eines reibungslosen Verbindungsaufbaus und einer komfortablen Nutzung der Webseite, Auswertung der Systemsicherheit und -stabilit\u00e4t sowie zu weiteren administrativen Zwecken. In keinem Fall verwenden wir die erhobenen Daten zu dem Zweck, R\u00fcckschl\u00fcsse auf Ihre Person zu ziehen.<\/p>\n<p><em>Einsatz von Cookies<strong><br \/>\n<\/strong><\/em>Cookies enthalten keine personenbezogenen Daten und k\u00f6nnen Ihnen demnach nicht direkt zugeordnet werden. Ein typisches Beispiel ist hier z. B. der Warenkorb eines Online-Shops, der sich auf diese Weise f\u00fcr die Dauer Ihres Einkaufs merkt, welche Artikel Sie bereits hineingelegt haben.<\/p>\n<p>Wir vom Internationalen Kinderhaus Augsburg setzen Cookies, damit unsere Website zweisprachig funktioniert. Sie k\u00f6nnen Ihren Browser in den Einstellungen jederzeit so anpassen, dass er Sie \u00fcber das Setzen von Cookies informiert. Sie k\u00f6nnen entweder einzeln \u00fcber zu setzende Cookies entscheiden oder sie generell ausschlie\u00dfen. Falls Sie Cookies nicht zulassen, kann die Funktionalit\u00e4t dieser Website eingeschr\u00e4nkt sein.<\/p>\n<p><em>Bei Abschluss eines Vertragsverh\u00e4ltnisses<\/em><br \/>\nBei Abschluss eines Vertragsverh\u00e4ltnisses mit uns bitten wir Sie um die Angaben folgender personenbezogener Daten:<\/p>\n<ul>\n<li>Daten, die Sie pers\u00f6nlich identifizieren wie Name und E-Mail-Adresse &#8211; Geburtsdatum Ihres Kindes &#8211; Kontaktdaten, wie Anschrift, Rechnungsanschrift,Telefonnummer, &#8211; Informationen zu Ihrem Zahlungsmittel<\/li>\n<li>weitere personenbezogene Daten, zu deren Erfassung und Verarbeitung wir gesetzlich verpflichtet oder berechtigt sind und die wir f\u00fcr Ihre Authentifizierung, Identifizierung oder zur \u00dcberpr\u00fcfung der von uns erhobenen Daten ben\u00f6tigen.<\/li>\n<li>Die genannten Daten werden zur Abwicklung des Vertragsverh\u00e4ltnisses verarbeitet. Die Verarbeitung der Daten erfolgt aufgrund von Art. 6 Abs. 1 lit. b DSGVO. Die Speicherfrist ist auf den Vertragszweck und, sofern vorhanden, gesetzliche und vertragliche Aufbewahrungspflichten beschr\u00e4nkt.<\/li>\n<\/ul>\n<p><strong>2. Weitergabe von personenbezogenen Daten<\/strong><\/p>\n<p>Eine \u00dcbermittlung Ihrer Daten an Dritte zu anderen als den im Folgenden aufgef\u00fchrten Zwecken findet nicht statt. Wir geben Ihre Daten nur an Dritte weiter, wenn:<\/p>\n<ul>\n<li>Sie eine ausdr\u00fcckliche Einwilligung dazu erteilt haben nach (Art. 6 Abs. 1 S. 1 lit. a DSGVO),<\/li>\n<li>dies f\u00fcr die Abwicklung von Vertragsverh\u00e4ltnissen mit Ihnen erforderlich ist (Art. 6 Abs. 1 lit. b DSGVO),<\/li>\n<li>eine gesetzliche Verpflichtung zur Weitergabe besteht (Art.6 Abs.1 lit. c DSGVO),<\/li>\n<li>die Weitergabe zur Geltendmachung, Aus\u00fcbung oder Verteidigung von Rechtsanspr\u00fcchen erforderlich ist und kein Grund zur Annahme besteht, dass Sie ein \u00fcberwiegendes schutzw\u00fcrdiges Interesse an der Nichtweitergabe Ihrer Daten haben (Art. 6 Abs. 1 S. 1 lit. f DSGVO).<\/li>\n<\/ul>\n<p>In diesen F\u00e4llen beschr\u00e4nkt sich der Umfang der \u00fcbermittelten Daten jedoch nur auf das erforderliche Minimum. Unsere Datenschutzbestimmungen stehen im Einklang mit den geltenden rechtlichen Bestimmungen und die Daten werden nur in der Bundesrepublik Deutschland \/ Europ\u00e4ischen Union verarbeitet. Eine \u00dcbermittlung in Drittl\u00e4nder findet nicht statt und ist nicht beabsichtigt.<\/p>\n<p><strong>3. Betroffenenrechte<\/strong><\/p>\n<p>Auf Anfrage werden wir Sie gern informieren, ob und welche personenbezogenen Daten zu Ihrer Person gespeichert sind (Art.\u00a015 DSGVO), insbesondere \u00fcber die Verarbeitungszwecke, die Kategorie der personenbezogenen Daten, die Kategorien von Empf\u00e4ngern, gegen\u00fcber denen Ihre Daten offengelegt wurden oder werden, die geplante Speicherdauer, das Bestehen eines Rechts auf Berichtigung, L\u00f6schung, Einschr\u00e4nkung der Verarbeitung oder Widerspruch, das Bestehen eines Beschwerderechts, die Herkunft ihrer Daten, sofern diese nicht bei uns erhoben wurden, sowie \u00fcber das Bestehen einer automatisierten Entscheidungsfindung einschlie\u00dflich Profiling.<\/p>\n<p>Ihnen steht zudem das Recht zu, etwaig unrichtig erhobene personenbezogene Daten berichtigen oder unvollst\u00e4ndig erhobene Daten vervollst\u00e4ndigen zu lassen (Art.\u00a016 DSGVO). Ferner haben Sie das Recht, von uns die Einschr\u00e4nkung der Verarbeitung Ihrer Daten zu verlangen, sofern die gesetzlichen Voraussetzungen hierf\u00fcr vorliegen (Art.\u00a018 DSGVO).<\/p>\n<p>Sie haben das Recht, die Sie betreffenden personenbezogenen Daten in einem strukturierten, g\u00e4ngigen und maschinenlesbaren Format zu erhalten oder die \u00dcbermittlung an einen anderen Verantwortlichen zu verlangen (Art.\u00a020 DSGVO).<\/p>\n<p>Dar\u00fcber hinaus steht Ihnen das sogenannte \u201eRecht auf Vergessenwerden\u201c zu, d.h. Sie k\u00f6nnen von uns die L\u00f6schung Ihrer personenbezogenen Daten verlangen, sofern hierf\u00fcr die gesetzlichen Voraussetzungen vorliegen (Art.\u00a017 DSGVO). Unabh\u00e4ngig davon werden Ihre personenbezogenen Daten automatisch von uns gel\u00f6scht, wenn der Zweck der Datenerhebung weggefallen oder die Datenverarbeitung unrechtm\u00e4\u00dfig erfolgt ist.<\/p>\n<p>Gem\u00e4\u00df Art.\u00a07 Abs.\u00a03 DSGVO haben Sie das Recht Ihre einmal erteilte Einwilligung jederzeit gegen\u00fcber uns zu widerrufen. Dies hat zur Folge, dass wir die Datenverarbeitung, die auf dieser Einwilligung beruhte, f\u00fcr die Zukunft nicht mehr fortf\u00fchren d\u00fcrfen.<\/p>\n<p>Sie haben zudem das Recht, jederzeit gegen die Verarbeitung Ihrer personenbezogenen Daten Widerspruch zu erheben, sofern ein Widerspruchsrecht gesetzlich vorgesehen ist. Im Falle eines wirksamen Widerrufs werden Ihre personenbezogenen Daten ebenfalls automatisch durch uns gel\u00f6scht (Art.\u00a021 DSGVO).<\/p>\n<p>M\u00f6chten Sie von Ihrem Widerrufs- oder Widerspruchsrecht Gebrauch machen, gen\u00fcgt eine E-Mail an: info@internationales-kinderhaus.de. Bei Verst\u00f6\u00dfen gegen die datenschutzrechtlichen Vorschriften haben Sie gem. Art.\u00a077 DSGVO die M\u00f6glichkeit, Beschwerde bei einer Aufsichtsbeh\u00f6rde zu erheben.<\/p>\n<p><strong>4. Dauer der Datenspeicherung<\/strong><\/p>\n<p>Die erhobenen Daten werden solange bei uns gespeichert, wie dies f\u00fcr die Durchf\u00fchrung der mit uns eingegangen Vertr\u00e4ge erforderlich ist oder Sie Ihr Recht auf L\u00f6schung oder Ihr Recht auf Daten\u00fcbertragung auf ein anderes Unternehmen nicht ausge\u00fcbt haben.<\/p>\n","protected":false},"excerpt":{"rendered":"<p>Elterninitiative\u00a0Internationales Kinderhaus Augsburg e.V. Sch\u00e4fflerbachstra\u00dfe 28 86153 Augsburg fon: 0821-65054808 fax: 0821-65054809 email: info@internationales-kinderhaus.de Vereinsregister Augsburg VR 2742 Vorstand des Tr\u00e4gervereins: Elke Scharrer (Vorsitzende\/Chair) Simon Bruckert (Finanzen) Monika Aum\u00fcller (Personal) Anja Joerg (Personal) Michael Jung (Instandhaltung) Anna Taworntarn (Elternarbeit) Ferzana [&hellip;]<\/p>\n","protected":false},"author":1,"featured_media":0,"parent":0,"menu_order":0,"comment_status":"closed","ping_status":"closed","template":"","meta":{"footnotes":""},"class_list":["post-20","page","type-page","status-publish","hentry"],"_links":{"self":[{"href":"https:\/\/internationales-kinderhaus.de\/ika-2024\/wp-json\/wp\/v2\/pages\/20","targetHints":{"allow":["GET"]}}],"collection":[{"href":"https:\/\/internationales-kinderhaus.de\/ika-2024\/wp-json\/wp\/v2\/pages"}],"about":[{"href":"https:\/\/internationales-kinderhaus.de\/ika-2024\/wp-json\/wp\/v2\/types\/page"}],"author":[{"embeddable":true,"href":"https:\/\/internationales-kinderhaus.de\/ika-2024\/wp-json\/wp\/v2\/users\/1"}],"replies":[{"embeddable":true,"href":"https:\/\/internationales-kinderhaus.de\/ika-2024\/wp-json\/wp\/v2\/comments?post=20"}],"version-history":[{"count":3,"href":"https:\/\/internationales-kinderhaus.de\/ika-2024\/wp-json\/wp\/v2\/pages\/20\/revisions"}],"predecessor-version":[{"id":1330,"href":"https:\/\/internationales-kinderhaus.de\/ika-2024\/wp-json\/wp\/v2\/pages\/20\/revisions\/1330"}],"wp:attachment":[{"href":"https:\/\/internationales-kinderhaus.de\/ika-2024\/wp-json\/wp\/v2\/media?parent=20"}],"curies":[{"name":"wp","href":"https:\/\/api.w.org\/{rel}","templated":true}]}}